{"id":342,"date":"2020-12-08T14:47:57","date_gmt":"2020-12-08T13:47:57","guid":{"rendered":"http:\/\/www.collectifdesmosquees.fr\/?page_id=342"},"modified":"2021-02-24T12:25:10","modified_gmt":"2021-02-24T11:25:10","slug":"accueil-2","status":"publish","type":"page","link":"http:\/\/www.collectifdesmosquees.fr\/","title":{"rendered":"Accueil 2"},"content":{"rendered":"[vc_row full_width=&#8221;stretch_row&#8221; css=&#8221;.vc_custom_1612527441962{margin-top: 30px !important;}&#8221;][vc_column][vc_single_image image=&#8221;83&#8243; css=&#8221;.vc_custom_1602264482718{background-position: center !important;background-repeat: no-repeat !important;background-size: cover !important;}&#8221;][\/vc_column][\/vc_row][vc_row css=&#8221;.vc_custom_1612527361103{background-color: #ffffff !important;}&#8221;][vc_column]<h1 class=\"vcex-module vcex-heading wpex-text-2xl wpex-font-normal wpex-m-auto wpex-max-w-100 vcex-heading-plain wpex-block wpex-text-left vc_custom_1612648300205\" style=\"font-size:30px;font-weight:700;text-transform:uppercase;\"><span class=\"vcex-heading-inner wpex-inline-block wpex-clr\">La Charte des principes du CNI<br \/>\nSoyons force de proposition et de rassemblement<\/span><\/h1>[vc_column_text responsive_text=&#8221;true&#8221; css=&#8221;.vc_custom_1612648324266{margin-right: 20px !important;margin-left: 20px !important;background-color: #ffffff !important;}&#8221; text_align=&#8221;left&#8221; font_size=&#8221;16&#8243;]\n<p style=\"text-align: justify;\">Paris le 05\/02\/2021<\/p>\n<p style=\"text-align: justify;\">Nous, Collectif des mosqu\u00e9es de France compos\u00e9 des mosqu\u00e9es affili\u00e9es ou non aux f\u00e9d\u00e9rations, imams, aum\u00f4nier(e)s, enseignant(e)s en religion, avons pris connaissance de la charte des principes de \u00ab l\u2019Islam de France \u00bb pr\u00e9sent\u00e9e et sign\u00e9e devant le pr\u00e9sident de la R\u00e9publique par 5 f\u00e9d\u00e9rations le 18 janvier 2021.<\/p>\n<p style=\"text-align: justify;\">Nous tenons tout d\u2019abord \u00e0 exprimer notre profond d\u00e9saccord sur la m\u00e9thode entreprise dans l\u2019\u00e9laboration de cette charte,\u00a0 ne tenant pas compte de la base et des premiers concern\u00e9s au niveau des d\u00e9partements et des r\u00e9gions.<\/p>\n<p style=\"text-align: justify;\">En effet, il est imp\u00e9ratif de consulter les responsables des mosqu\u00e9es, les imams, les aum\u00f4nier(e)s enseignant(e)s en religion pour \u00e9laborer une charte dans laquelle ils se reconnaissent.<\/p>\n<p style=\"text-align: justify;\"><strong>Nous continuons \u00e0 croire qu\u2019un travail participatif reste possible et c\u2019est dans cet esprit que nous y apportons nos contributions.<\/strong><\/p>\n<p style=\"text-align: justify;\">Dans un esprit de rassemblement et d\u2019unit\u00e9, nous appelons tous les acteurs responsables de mosqu\u00e9es et d\u2019associations musulmanes, imams, aum\u00f4nier(e)s et enseignant(e)s en religion, \u00e0 <strong>consulter et soutenir nos 7 propositions ainsi que les propositions des 3 f\u00e9d\u00e9rations membres du CFCM non signataires.<\/strong><\/p>\n<p style=\"text-align: justify;\">Vous pouvez \u00e9galement nous apporter vos contributions via notre courriel : <a href=\"contact.cmidf@gmail.com\"><span class=\"qu\" tabindex=\"-1\" role=\"gridcell\"><span class=\"go\">contact.cmidf@gmail.com<\/span><\/span><\/a><\/p>\n[\/vc_column_text][\/vc_column][\/vc_row][vc_row wpex_fixed_bg=&#8221;fixed&#8221; css=&#8221;.vc_custom_1612979827920{margin-top: 0px !important;padding-top: 40px !important;background-color: #ffffff !important;}&#8221;][vc_column width=&#8221;1\/3&#8243;][\/vc_column][vc_column width=&#8221;1\/3&#8243;]<div class=\"textcenter theme-button-wrap wpex-clr\"><a href=\"http:\/\/www.collectifdesmosquees.fr\/index.php\/formulaire-de-participation\/\" class=\"vcex-button theme-button large align-center inline\" style=\"background:#383838;padding-right:55px;padding-left:55px;font-weight:700;border-radius:0px;\" data-wpex-hover='{&quot;background&quot;:&quot;#00a780&quot;}'><span class=\"theme-button-inner\">JE SOUTIENS<\/span><\/a><\/div> [\/vc_column][vc_column width=&#8221;1\/3&#8243;][\/vc_column][\/vc_row][vc_row css=&#8221;.vc_custom_1612527361103{background-color: #ffffff !important;}&#8221;][vc_column][vc_column_text css=&#8221;.vc_custom_1612979940134{margin-right: 20px !important;margin-left: 20px !important;background-color: #ffffff !important;}&#8221; text_align=&#8221;left&#8221; font_size=&#8221;16&#8243;]\n<p style=\"text-align: justify;\"><div class=\"vcex-module vcex-divider vcex-divider-solid wpex-max-w-100 wpex-mx-auto wpex-block wpex-h-0 wpex-border-b wpex-border-solid wpex-border-gray-200\" style=\"width:20%;margin-top:10px;margin-bottom:10px;border-bottom-width:1px;border-color:#00a780;\"><\/div>\n<p>&nbsp;<\/p>\n<h3 style=\"text-align: justify;\"><strong>Notre engagement et notre mission (religieuse) se fait dans le strict respect des Lois de la R\u00e9publique<\/strong><\/h3>\n<p style=\"text-align: justify;\">Nos propositions sont les suivantes\u00a0:<\/p>\n<p style=\"text-align: justify;\"><strong>Proposition N\u00b01 : Pr\u00e9ambule <\/strong><\/p>\n<p style=\"text-align: justify;\">Nous demandons de ne pas mettre en opposition les convictions religieuses avec les lois de la R\u00e9publique, puisque qu\u2019elles doivent \u00eatre tr\u00e8s strictement s\u00e9par\u00e9es.<\/p>\n<p style=\"text-align: justify;\">Exemples de passages qui n\u2019ont pas lieu d\u2019\u00eatre dans la charte puisqu\u2019ils m\u00e9langent\u00a0 et comparent nos convictions religieuses avec les lois de la R\u00e9publique:\u00a0 <strong><em>\u00ab nos convictions religieuses [\u2026] ne sauraient supplanter les principes qui fondent le droit et la Constitution de la R\u00e9publique \u00bb\u00a0; \u00ab Aucune conviction religieuse ne peut \u00eatre invoqu\u00e9e pour se soustraire aux obligations des citoyens \u00bb<\/em><\/strong> .<\/p>\n<h3 style=\"text-align: justify;\"><strong>Proposition N\u00b02 : La charte doit s\u2019adresser aux personnes concern\u00e9es<\/strong><\/h3>\n<p style=\"text-align: justify;\">La charte r\u00e9dig\u00e9e par les f\u00e9d\u00e9rations composantes du CFCM, doit s\u2019adresser uniquement aux acteurs de la nouvelle institution concern\u00e9e, c\u2019est-\u00e0-dire le CNI qui comprend les Imams, Aum\u00f4nier(e)s et Enseignant(e)s en religion. Ainsi, le nom de la charte et certains passages s\u2019adressant \u00e0 l\u2019ensemble des musulmans doivent \u00eatre rectifi\u00e9s.<\/p>\n<p style=\"text-align: justify;\">Exemple d\u2019un passage qui n\u2019a pas lieu d\u2019\u00eatre, o\u00f9 l\u2019on rappelle que les <strong><em>\u00ab\u00a0musulmans\u00a0(\u2026) sont\u00a0 li\u00e9s \u00e0 la France par un pacte (\u2026) Celui-ci les engagent (\u2026\u00a0)\u00bb<\/em><\/strong> . Ces passages sont particuli\u00e8rement mal venus de la part des f\u00e9d\u00e9rations envers leurs coreligionnaires. De plus, en leurs rappelant de respecter la loi, on sous-entend qu\u2019ils ne la respecteraient pas ou peu.<\/p>\n<p style=\"text-align: justify;\">Ceci est d\u2019autant plus vrai que l\u2019ensemble des f\u00e9d\u00e9rations composant le CFCM ainsi que le CFCM lui-m\u00eame reconnaissent qu\u2019ils ne repr\u00e9sentent pas les musulmans mais uniquement le Culte Musulman.<br \/>\nDe m\u00eame, la charte doit avoir un nom conforme \u00e0 son objectif et au public \u00e0 qui elle s\u2019adresse.<br \/>\nLe titre\u00a0<strong><em>\u00ab\u00a0Charte des principes de l\u2019Islam de France\u00a0\u00bb<\/em><\/strong> est inappropri\u00e9. La <strong>\u00ab\u00a0Charte des principes du Conseil National des Imams\u00a0\u00bb<\/strong>\u00a0 serait plus juste et en ad\u00e9quation avec son objectif.<\/p>\n<h3 style=\"text-align: justify;\"><strong>Proposition N\u00b0 3\u00a0: La charte ne doit pas stigmatiser les repr\u00e9sentants du Culte et les Musulmans\u00a0 <\/strong><\/h3>\n<p style=\"text-align: justify;\">La charte doit \u00e9viter les termes s\u2019apparentant \u00e0 des jugements de valeur \u00e0 l\u2019encontre des convictions religieuses et les valeurs des musulmans, en utilisant des termes ambigus, flous et p\u00e9joratifs tels que \u00ab\u00a0<strong><em>archa\u00efque\u00a0<\/em><\/strong>\u00bb. Elle ne doit \u00e9galement pas\u00a0 faire passer des exceptions pour des g\u00e9n\u00e9ralit\u00e9s, sans m\u00eame les pr\u00e9ciser. Cela donne une image d\u00e9grad\u00e9e et r\u00e9trograde de nos pratiques religieuses et laisse un champs tr\u00e8s large \u00e0 l\u2019interpr\u00e9tation.<\/p>\n<p style=\"text-align: justify;\">Exemple de passage qui n\u2019a pas lieu d\u2019\u00eatre\u00a0: <strong><em>\u00ab pratique archa\u00efque (\u2026) m\u00e9decine dite proph\u00e9tique (\u2026)\u00bb<\/em><\/strong><\/p>\n<h3 style=\"text-align: justify;\"><strong>Proposition N\u00b04 : La charte doit faire des r\u00e9f\u00e9rences claires \u00e0 la loi et non aux valeurs\u00a0\u00a0 r\u00e9publicaines <\/strong><\/h3>\n<p style=\"text-align: justify;\">Dans la charte, devraient figurer des r\u00e9f\u00e9rences au sujet du respect de la Constitution et des lois de la R\u00e9publique sans ambigu\u00eft\u00e9, pour ne permettre aucune interpr\u00e9tation hasardeuse.<br \/>\nL\u2019utilisation du mot <strong><em>\u00ab valeurs \u00bb<\/em><\/strong> \u00e0 notion relative c\u2019est \u00e0 dire que le contenu peut \u00eatre interpr\u00e9t\u00e9 diff\u00e9remment d\u2019une personne \u00e0 une autre, d\u2019un groupe \u00e0 un autre. Ainsi, l\u2019expression <strong><em>\u00ab valeur r\u00e9publicaine \u00bb<\/em><\/strong> sera sujette \u00e0 diff\u00e9rentes d\u00e9finitions et compr\u00e9hensions. La charte doit employer la notion absolue de \u00ab\u00a0<strong>Principes\u00bb <\/strong>et non pas celle de<strong> \u00ab\u00a0Valeurs\u00a0\u00bb <\/strong>de la R\u00e9publique.<\/p>\n<h3 style=\"text-align: justify;\"><strong>Proposition N\u00b05 :\u00a0 La charte doit \u00e9viter de traiter de sujets contraires \u00e0 la religion musulmane <\/strong><\/h3>\n<p style=\"text-align: justify;\">Au m\u00eame titre que les autres religions monoth\u00e9istes, la religion musulmane consid\u00e8re l\u2019homosexualit\u00e9 comme un p\u00e9ch\u00e9. C\u2019est une question sur laquelle l\u2019individu sera jug\u00e9 dans l\u2019au-del\u00e0 suivant sa responsabilit\u00e9 individuelle, sa conscience et sa foi. Dans ce contexte, les imams en fonction dans nos mosqu\u00e9es sont charg\u00e9s de r\u00e9pondre aux questions sur l\u2019homosexualit\u00e9 conform\u00e9ment aux sources scripturaires de l\u2019Islam, en particulier le Coran et la Sounna, sans pour autant appeler \u00e0 la haine ou \u00e0 la violence.<br \/>\nSous couvert de lutte contre toutes les formes de discriminations, qui est par ailleurs du ressort de l\u2019\u00c9tat, l\u2019utilisation des expressions \u00ab\u00a0<strong><em>orientation sexuelle\u00a0\u00bb et \u00abhomophobie\u00a0\u00bb, <\/em><\/strong>employ\u00e9es dans cette charte, est particuli\u00e8rement mal venue et intervient dans le domaine du religieux en contraignant nos imams \u00e0 endosser le r\u00f4le de l\u2019\u00c9tat.<\/p>\n<p style=\"text-align: justify;\"><strong>Ces termes doivent donc \u00eatre retir\u00e9s de la charte.<\/strong><\/p>\n<h3 style=\"text-align: justify;\"><strong>Proposition N\u00b06 : La charte doit pr\u00e9ciser la notion d\u2019ing\u00e9rence \u00e9trang\u00e8re ou les appellations de type\u00a0 \u00abislam politique \u00bb <\/strong><\/h3>\n<p style=\"text-align: justify;\"><strong>La charte doit revoir l\u2019article 6\u00a0: Rejet de toutes les formes d\u2019ing\u00e9rence et de l\u2019instrumentalisation de l\u2019Islam \u00e0 des fins politiques et apporter plus de pr\u00e9cision sur les sujets tels qu\u2019\u00ab<em>\u00a0ing\u00e9rence \u00e9trang\u00e8re<\/em>\u00a0\u00bb ou \u00ab\u00a0<em>islam politique\u00a0<\/em>\u00bb.<\/strong><\/p>\n<p style=\"text-align: justify;\">Consid\u00e9rer des rituels religieux comme des opinions et des actions contraires \u00e0 la Constitution est une approche inacceptable, aussi bien d\u2019un point de vue intellectuel que d\u2019un point de vue de la loi.<\/p>\n<p style=\"text-align: justify;\">Dans le d\u00e9bat public, l\u2019\u00ab Islam politique \u00bb est d\u00e9crit comme une id\u00e9ologie et des comportements contraires aux principes constitutionnels. Des pratiques naturellement pr\u00e9sentes dans la religion musulmane, notamment le port du voile, sont rang\u00e9es par certains dans cette cat\u00e9gorie.<\/p>\n<p style=\"text-align: justify;\">Pourtant, la pratique d\u2019une religion, \u00e0 l\u2019instar du Christianisme, du Juda\u00efsme ou du Bouddhisme, implique des sp\u00e9cificit\u00e9s qui lui sont propres (\u00e9difice de culte, consommation de nourritures conformes, respect d\u2019un code vestimentaire, etc).<\/p>\n<h3 style=\"text-align: justify;\"><strong>Proposition N\u00b07 : La charte doit respecter les principes d\u00e9mocratiques\u00a0 <\/strong><\/h3>\n<p style=\"text-align: justify;\">Dans l\u2019article 10 &#8211; Respect de la Charte &#8211;<strong><em>, <\/em><\/strong><em>\u00a0<\/em>les principes les plus \u00e9l\u00e9mentaires du Droit ne sont pas respect\u00e9s \u00e0 savoir <strong>ne pas \u00eatre juge et partie en m\u00eame temps dans une affaire.\u00a0 <\/strong><\/p>\n<p style=\"text-align: justify;\">Or dans cette article, il est express\u00e9ment dit\u00a0<em>\u00a0<strong>\u00ab\u00a0Si au moins deux f\u00e9d\u00e9rations estiment qu\u2019une infraction \u00e0 la pr\u00e9sente charte est commise, elles peuvent d\u00e9cider de l\u2019ouverture d\u2019une enqu\u00eate contradictoire dont elles d\u00e9finissent le contenu. Apr\u00e8s cette proc\u00e9dure contradictoire, une<br \/>\ninfraction est \u00e9tablie si elle est reconnue par au moins deux tiers des f\u00e9d\u00e9rations,<br \/>\npar une motivation \u00e9crite.\u00a0\u00bb.<\/strong><\/em><\/p>\n<p style=\"text-align: justify;\">En d\u2019autres termes, les modalit\u00e9s de radiation ou d\u2019exclusion devraient \u00eatre prises plus au s\u00e9rieux dans le document cadre ou le r\u00e8glement int\u00e9rieur du CNI.<\/p>\n<p style=\"text-align: justify;\">Autre point, une institution en l\u2019occurrence le futur CNI peut\u00a0 se donner des moyens de sanction d\u00e9crits dans ses statuts ou dans un r\u00e8glement int\u00e9rieur.\u00a0 Or le passage \u00ab\u00a0<strong><em>l\u2019exclusion du contrevenant de toutes les instances repr\u00e9sentatives de l\u2019Islam de France\u00a0\u00bb\u00a0 <\/em><\/strong>affirme que l\u2019exclusion du <em>\u00ab<strong>\u00a0contrevenant<\/strong>\u00a0\u00bb <\/em>se fera \u00ab\u00a0<strong><em>de toutes les instances repr\u00e9sentatives de \u00ab\u2019Islam de France<\/em><\/strong><em>\u00a0\u00bb<strong>, <\/strong><\/em>se\u00a0 donnant ainsi la possibilit\u00e9 d\u2019exclure les f\u00e9d\u00e9rations des autres\u00a0 instances ou associations. Cela est incompatible avec le droit et repr\u00e9sente un esprit totalitaire inacceptable.<\/p>\n[\/vc_column_text][\/vc_column][\/vc_row][vc_row wpex_fixed_bg=&#8221;fixed&#8221; css=&#8221;.vc_custom_1612528120295{margin-top: 0px !important;margin-bottom: 10px !important;padding-top: 40px !important;background-color: #ffffff !important;}&#8221;][vc_column width=&#8221;1\/3&#8243;][\/vc_column][vc_column width=&#8221;1\/3&#8243;]<div class=\"textcenter theme-button-wrap wpex-clr\"><a href=\"http:\/\/www.collectifdesmosquees.fr\/index.php\/formulaire-de-participation\/\" class=\"vcex-button theme-button large align-center inline\" style=\"background:#383838;padding-right:55px;padding-left:55px;font-weight:700;border-radius:0px;\" data-wpex-hover='{&quot;background&quot;:&quot;#00a780&quot;}'><span class=\"theme-button-inner\">JE SOUTIENS<\/span><\/a><\/div> [\/vc_column][vc_column width=&#8221;1\/3&#8243;][\/vc_column][\/vc_row][vc_row css=&#8221;.vc_custom_1612980173888{padding-top: 30px !important;background-color: #ffffff !important;}&#8221;][vc_column][vc_column_text css=&#8221;.vc_custom_1614165826115{margin-right: 20px !important;margin-left: 20px !important;background-color: #ffffff !important;}&#8221; text_align=&#8221;left&#8221; font_size=&#8221;16&#8243;]\n<p style=\"text-align: justify;\"><strong>Liste des mosqu\u00e9es et associations signataires<br \/>\n<\/strong><\/p>\n<p style=\"text-align: justify;\"><span style=\"font-size: 12px;\">Mosqu\u00e9e de Montfermeil, Mosqu\u00e9e de Rosny-sous-Bois AMR, Mosqu\u00e9e de Chelles ACCIAE, Mosqu\u00e9e d\u2019Aulnay-sous-Bois ACMA, Association cultuelle d\u2019Aix-les-bains, Association Sociale Culturelle Turque d\u2019Alen\u00e7on, Association Culturelle Turque d\u2019Amboise, Association Culturelle Franco-Turque d&#8217;Argentan, Ligue d&#8217;Amiti\u00e9 et de Culture Mevlana, AEFT Aubenas, Association Culturelle Turque Auray, Association Franco-Turque d&#8217;Auxerre, Association Culturelle Franco-Turque de l&#8217;Avallon, ABMOSHS Bagneux, Mosqu\u00e9e Camii Bagnolet, Association de Culture et d\u2019entraide des Travailleurs Turcs (Bar-sur-Aube), Mosqu\u00e9e Beauvais, Association Amana 25 Besan\u00e7on, ACMBM Blanc Mesnil, Mosqu\u00e9e de Fontenay sous Bois, Mosqu\u00e9e de Ris-Orangis, Mosqu\u00e9e Fatih Paris, Mosqu\u00e9e de Vernouillet, Mosqu\u00e9e de Sarcelles, Mosqu\u00e9e Aksa camii, Mosqu\u00e9e d\u2019Annonay, Mosqu\u00e9e de Bourgoin-Jallieu, Mosqu\u00e9e Mevlana, Grand Mosqu\u00e9e de Blois, Union Culturelle Franco-Turque de Blois, Mosqu\u00e9e DITIB Bohain-en-Vermandois, Mosqu\u00e9e de Bondy, CIMG Bordeaux, Association Clart\u00e9 Bourg en Bresse, Centre Culturel Islamique de Bourg-en-Bresse, Association Solidarit\u00e9 Culturelle Franco-Turque de Bourges, Association, Culturelle Franco-Turque de Brest, Association Culturelle et Sportive de Calais, Centre Culturel Turc de Canteleu, Amicale Franco-Turque Ayasofya (Carri\u00e8res-sous-Poissy), La Grande Mosqu\u00e9e de l&#8217;Agglom\u00e9ration Montargoise, CIMG Montargis, Mosqu\u00e9e de CHAMBERY, Association Culturelle Turque de Champigny-sur-Marne, Mosqu\u00e9e de Champs sur Marne, Mosqu\u00e9e Turque de Charleville M\u00e9zi\u00e8res, Association Culturelle FrancoTurque de Chartres, Mosqu\u00e9e de Chateaubriant, Mosqu\u00e9e de Chateauneuf-sur-Loire, Association Culturelle Turque de Ch\u00e2teau-Thierry, Mosqu\u00e9e Fatih Camii de Cherbourg-Octeville, Mosqu\u00e9e Turque de Cholet, Mosqu\u00e9e Turque de Compi\u00e8gne, Union Franco-Turque Corbeil Essonne UFTC, Mosqu\u00e9e Echange et partage Corbeil-Essonnes, Association Culturelle des Familles Turques Creil, Mosqu\u00e9e Salmane Creil, Association Culturelle des Turcs Dieppois, Association Culturelle Franco-Turque de Dreux, Association Contemporaine Sociale et Culturelle des Turcs de Dunkerque, Association Culturelle Turque d\u2019Epernay, Mosqu\u00e9e Turque d\u2019Evreux, Association Amicale Franco-Turque Fagni\u00e8res, Association Amicale Franco-Turque de Flers, Association Amicale Des Travailleurs Turcs de ses Sympathisants de Garges et ses Environs (A.A.T.T.S.G.E.), Association Culturelle Turque Gien Brirare, Association Culturelle et Sportive Turque de Goussainville Association Culturelle des Musulmans de Guingamp, Association Culturelle Franco-Turque IFS, Association Culturelle Franco-Turque Sport et Jeunesse de Jargeau, Association Culturelle Sportive Turc de Joigny, Association Culturelle Turque de Mer, AMI La Courneuve, AMMOI La Courneuve, Mosqu\u00e9e Camii Albertville, Mosqu\u00e9e Camii Annecy, Mosqu\u00e9e Annemasse, Mosqu\u00e9e Bellegarde, Mosqu\u00e9e Turque de Grenoble, Mosqu\u00e9e Camii Nantua, Mosqu\u00e9e Camii Oyannax, Mosqu\u00e9e Camii Sallanches, Mosqu\u00e9e D\u2019Ugine, Mosqu\u00e9e Belleydoux, Association Franco-Turque L&#8217;Aigle, Association Laon d\u2019Amiti\u00e9 Franco-Turque, Association Culturelle Nationale Turque Le Havre, Mosqu\u00e9e ACITS Le Mans, Mosqu\u00e9e Omar Ibn Al Khattab Le Mont, Association Entraide France Turquie Les Mureaux, Association Franco-Turque pour l\u2019Enseignement et la Formation Leves, Association Culturelle des Travailleurs Turcs de Lille, Association Culturelle Turque du Pays de Lorient, Association Culturelle Turque Louviers, Mosqu\u00e9e Fatih Mantes la Jolie, Association Franco-Turque de Meaux, Association Culturelle d\u2019amiti\u00e9 Franco-Turc de MelunMosqu\u00e9e Al Bokhari Migennes, Association Centre Culturel Turc, Association Culturelle Sportive et Islamique des Turcs Montfermeil, Mosqu\u00e9e Turque de Nantes, Association Familiale Franco-Turque de la Nievre, Association Firdaws Nogent-sur-Oise, Mosqu\u00e9e de Nogent sur Seine, Musulmans de Noisy-le-Grand, Association D\u2019entraide Des Travailleurs Turcs De Rennes, Mosqu\u00e9e d\u2019Orleans, Mosqu\u00e9e Ali Paris, Mosqu\u00e9e Omar Ibn Al Khattab Paris, Mosqu\u00e9e Aboubaker Paris, Association Culturelle et d&#8217;entraide des familles turques Pithiviers, Association Culturelle Turque de Quimper ACTQ, Association, Culturelle Moza\u00efque de Redon, Mosqu\u00e9e Osmanli Camii Reims, Union Familiale Turque Ris-Orangis, Mosqu\u00e9e Kouba, Mosqu\u00e9e de Colmar, Mosqu\u00e9e de Metz, Mosqu\u00e9e de Morhange, Mosqu\u00e9e \u00e0 Mulhouse, Mosqu\u00e9e Camii Niederhaslach, Mosqu\u00e9e Selahadd\u00een Eyyubi, Mosqu\u00e9e de Saverne, Mosqu\u00e9e Thann Camii, Mosqu\u00e9e de Creil, Association Culturelle Franco-Turque Romorantin-Lanthenay, Mosqu\u00e9e Ey\u00fcp Sultan Roubaix, Association Culturelle de Sable sur Sarthe, Association Solidarit\u00e9 Culturelle Anatolienne Saint Gratien, Mosqu\u00e9e Turque de Saint Nazaire, Mosqu\u00e9e de Saint Omer, Mosqu\u00e9e de Saint Quentin, Association Culturelle Franco-Turque de l&#8217;Arpajonnais Saint-Germain-L\u00e8s-Arpajon, Mosqu\u00e9e Fatih Saint-Jean-de-la-Ruelle, Association d&#8217;Entraide Franco-Turque de Salbris, Mosqu\u00e9e Turque de Sedan, Mosqu\u00e9e de Sens, Mosqu\u00e9e Salih Sevran, Amicale des Travailleurs Turcs de Soissons et ses Environs AATTSE, Mosqu\u00e9e Sinan Camii Angoul\u00eame CIMG, Association Sociale et Culturelle des Travailleurs Turcs de Sully Sur Loire, Ass. Cul. et Sol. Franco \u2013 Turque de Thyez, Association Franco-Turque de Thyez, Association Culturelle Franco-Turque de Torcy, Mosqu\u00e9e Turque de Feurs, Mosqu\u00e9e Takva Camii, Mosqu\u00e9e le Creusot, Mosqu\u00e9e Hicret Camii, Mosqu\u00e9e Merve Camii, Mosqu\u00e9e Selimiye Camii, Mosqu\u00e9e Ulu Camii, Mosqu\u00e9e Kuba Camii, Mosqu\u00e9e Bleue, Mosqu\u00e9e Nur, Mosqu\u00e9e de Chateaudun, Mosqu\u00e9e Bilal Camii, Association Culturelle et de Solidarit\u00e9 des Travailleurs Turcs Tours, Ligue d&#8217;Amiti\u00e9 et de Culture DITIB Trappes, UMTEF- Mosqu\u00e9e de Tremblay en France, Association Culturelle Turque d\u2019Angers, Mosqu\u00e9e El Fath Troyes, Amicale des amis turcs et francais Valentigney, Association Culturelle Franco-Turque du Val-de-Marne, Association Culturelle Des Turcs De l\u2019Ouest Vannes, Mosqu\u00e9e de Vendeuvre-sur-Barse Vendeuvre-sur-Barse, Association Turque de Culture Islamique de Vend\u00f4me et ses Environs, Masjid At-Tawba Vendome (ACMV) Vend\u00f4me, Generations Venissieux, Mosqu\u00e9e de V\u00e9nissieux Al Forqane V\u00e9nissieux, Mosqu\u00e9e Eyyub Sultan V\u00e9nissieux, Mosqu\u00e9e de Verneuil-sur-Avre, Mosqu\u00e9e Verte Yesil Camii Vernon, Mosqu\u00e9e de Vierzon, Associations Savoir Villeurbanne, Le collectif des femmes musulmanes du 94\u00a0 Choisy-le-Roi, Centre \u00e9ducatif CIMG Rennes Vern-sur-Seiche, Mosqu\u00e9e Ibn Khaldoun Rennes, Ctre Cult Islamique Espoir Amal Rennes, Mosqu\u00e9e Association avenir Rennes, Association Es-Salam Lagny sur Marne, Centre Culturel Turc B\u00e9ziers, Association des Tunisiens du Loiret Ch\u00e2lette-sur-Loing, Mosqu\u00e9e Abdulhamid Camii Triel sur Seine<br \/>\n<\/span><\/p>\n[\/vc_column_text][vc_column_text css=&#8221;.vc_custom_1614165893816{margin-right: 20px !important;margin-left: 20px !important;padding-top: 20px !important;background-color: #ffffff !important;}&#8221; text_align=&#8221;left&#8221; font_size=&#8221;16&#8243;]\n<p style=\"text-align: justify;\"><strong>Liste des Aum\u00f4niers\/Aum\u00f4ni\u00e8res &#8211; Imams &#8211; Enseignants\/Enseignantes en religion<br \/>\n<\/strong><\/p>\n<p style=\"text-align: justify;\"><span style=\"font-size: 12px;\">El Mahtat Houda Enseignante en religion Amberieu-en-Bugey, El Aoudati Mohamed Imam Amberieu-en-bugey, Ali Arslaner Enseignant en religion Annecy, Hassan Adda Responsable de l\u2019association Aubervilliers, Baala Le\u00efla Amel Responsable de l\u2019association Besan\u00e7on, Ahmet Karadag Responsable de l\u2019association Ch\u00e2lette-sur-Loing, Kilic Ayse Aum\u00f4ni\u00e8re Corbeil Essonne, Mahamadou Marega Responsable de l\u2019association Cr\u00e9teil, Karakas sebahattin Responsable de l\u2019association Forbach, Negip Imam Le P\u00e9age-de-Roussillon, Boyraz Haci Vice-pr\u00e9sident du CRCM de Franche comt\u00e9 Lure Kassim Faissoil Imam Montfermeil, Mohamed Belcaid Responsable de l\u2019association Mureaux, Firdaws Sonder Responsable de l\u2019association Nogent-sur-Oise, Mohamed A. Enseignant en religion Oise, Peron Julien Responsable de l\u2019association Orl\u00e9ans, Oral Engin Responsable de l\u2019association Poissy, El Houari Mimouni Imam Rennes, Mustafa Ozsin Erkan Responsable de l\u2019association Soyaux, Albakov Azamat Imam Strasbourg, Bilel Zaiani Imam Villeurbanne, Mohamed Belhadj Sghaier Imam Villers-Saint-Paul, Nordine Reyes Responsable de l\u2019association Saint-Ouen, Mustafa Arslan Aum\u00f4nier Vern-sur Seiche, Celine Clopin Aum\u00f4ni\u00e8re Cesson-S\u00e9vign\u00e9, Abdelmajid Hayfa Responsable de l&#8217;association Maubeuge, Kamel Hamrouni Imam Aubervilliers, Shirley Vega Aum\u00f4ni\u00e8re Rennes, Sadia Labidi Responsable de l&#8217;association Rennes, Said Baghazi Responsable de l&#8217;association Melun, Zouaoui Mahdaoui Responsable de l&#8217;association Besan\u00e7on, Nasser Zaied Imam Rennes, Amina Rouge\u00a0 Aum\u00f4ni\u00e8re Rennes, Fatiha Chelki\u00a0 Aum\u00f4ni\u00e8re Paris<br \/>\n<\/span><\/p>\n[\/vc_column_text][vc_column_text]\n<h3 style=\"text-align: center;\">Nombre de mosqu\u00e9es : 184<br \/>\nNombre d&#8217;Aum\u00f4niers\/Aum\u00f4ni\u00e8res &#8211; Imams &#8211; Enseignants\/Enseignantes en religion : 34<\/h3>\n<h3 style=\"text-align: center;\"><strong>Nombre total de signataires : 218<br \/>\n<\/strong><\/h3>\n[\/vc_column_text][\/vc_column][\/vc_row][vc_row][vc_column]<div class=\"vcex-module vcex-divider vcex-divider-solid wpex-max-w-100 wpex-mx-auto wpex-block wpex-h-0 wpex-border-b wpex-border-solid wpex-border-gray-200\"><\/div>[\/vc_column][\/vc_row][vc_row css=&#8221;.vc_custom_1612527361103{background-color: #ffffff !important;}&#8221;][vc_column]<h1 class=\"vcex-module vcex-heading wpex-text-2xl wpex-font-normal wpex-m-auto wpex-max-w-100 vcex-heading-plain wpex-block wpex-text-left vc_custom_1612648417402\" style=\"font-size:30px;font-weight:700;text-transform:uppercase;\"><span class=\"vcex-heading-inner wpex-inline-block wpex-clr\">Communiqu\u00e9 du CCMTF, CIMG France, Foi et Pratique : Nos observations sur la \u00ab Charte des principes de l\u2019Islam de France \u00bb<\/span><\/h1>[vc_column_text css=&#8221;.vc_custom_1612527573385{margin-right: 20px !important;margin-left: 20px !important;background-color: #ffffff !important;}&#8221; text_align=&#8221;left&#8221; font_size=&#8221;16&#8243;]\n<h4 style=\"text-align: justify;\"><span class=\"fontstyle0\">Nos observations sur la \u00ab Charte des principes de l\u2019Islam de France \u00bb<\/span><\/h4>\n<p style=\"text-align: justify;\"><span class=\"fontstyle0\">Paris, le 01\/02\/2021<\/span><\/p>\n<p style=\"text-align: justify;\">Nous, CCMTF, CIMG France et Foi et Pratique, restons convaincus que la mise en place du Conseil National des Imams (CNI), charg\u00e9 d\u2019agr\u00e9er les imams de France, est une n\u00e9cessit\u00e9 et sera b\u00e9n\u00e9fique pour les musulmans. Dans cette optique, nous avons \u00e9labor\u00e9 avec l\u2019ensemble des f\u00e9d\u00e9rations les documents fondateurs de la cr\u00e9ation du CNI.<\/p>\n<p style=\"text-align: justify;\">Nous rappelons que d\u00e8s le d\u00e9but du processus, nous avons contribu\u00e9 de mani\u00e8re constructive \u00e0 la Charte du CNI et appel\u00e9 \u00e0 la consultation des CRCM, des mosqu\u00e9es non affili\u00e9es aux f\u00e9d\u00e9rations et des imams afin d\u2019aboutir \u00e0 une adh\u00e9sion la plus large possible, condition sine qua none pour la r\u00e9ussite de cette nouvelle instance.<\/p>\n<p style=\"text-align: justify;\">La signature pr\u00e9cipit\u00e9e de la charte et les diff\u00e9rentes d\u00e9clarations ont malheureusement conduit \u00e0 la perception d\u2019un projet impos\u00e9 par le haut, sans l\u2019approbation de la base et notamment des acteurs concern\u00e9s qui sont les imams. Nous regrettons cette gestion exp\u00e9ditive qui, sans le respect des \u00e9tapes n\u00e9cessaires \u00e0 une concertation, a conduit plusieurs regroupements de mosqu\u00e9es et d\u2019imams \u00e0 annoncer leur refus de participer \u00e0 ce projet.<\/p>\n<p style=\"text-align: justify;\">C\u2019est dans ce cadre que nous avons entam\u00e9 un travail de consultation afin d\u2019\u00e9laborer une synth\u00e8se des observations et r\u00e9serves au sujet de cette charte rendue publique le 18 janvier.<\/p>\n<p style=\"text-align: justify;\">Faisant suite \u00e0 notre communiqu\u00e9 du 20 janvier 2021 annon\u00e7ant nos r\u00e9ticences \u00e0 signer, <strong>nous exposons aujourd\u2019hui publiquement en annexe, ces observations d\u00e9taill\u00e9es que <\/strong><strong>nous avons adress\u00e9es M. Mohammed Moussaoui Pr\u00e9sident du CFCM ainsi qu\u2019aux instances concern\u00e9es.<\/strong><\/p>\n<p style=\"text-align: justify;\">Nous formons le v\u0153u que nos observations contribuerons \u00e0 l\u2019am\u00e9lioration de cette charte, afin qu\u2019elle puisse \u00eatre reconnue et adopt\u00e9e par tous.<\/p>\n<p style=\"text-align: justify;\">En tant qu\u2019institutions religieuses toujours ouvertes au dialogue dans un esprit constructif, nous continuerons d\u2019apporter nos contributions aux travaux concernant CNI.*<\/p>\n[\/vc_column_text][\/vc_column][\/vc_row][vc_row css=&#8221;.vc_custom_1612527379105{background-color: #ffffff !important;}&#8221;][vc_column width=&#8221;1\/6&#8243;][\/vc_column][vc_column width=&#8221;2\/3&#8243;][vc_column_text css=&#8221;.vc_custom_1612283196599{margin-top: 20px !important;}&#8221;]<a href=\"http:\/\/www.collectifdesmosquees.fr\/wp-content\/uploads\/2021\/02\/Communique-et-Observation-CCMTF-CIMG-FP-du-01.02.2021-VF-V2-.pdf\" class=\"pdfemb-viewer\" style=\"\" data-width=\"max\" data-height=\"max\"  data-toolbar=\"bottom\" data-toolbar-fixed=\"off\">Communiqu\u00e9 et Observation CCMTF-CIMG- FP du 01.02.2021 VF V2<br\/><\/a>[\/vc_column_text][\/vc_column][vc_column width=&#8221;1\/6&#8243;][\/vc_column][\/vc_row][vc_row full_width=&#8221;stretch_row&#8221; css=&#8221;.vc_custom_1603195747428{margin-top: 20px !important;margin-bottom: -40px !important;}&#8221;][vc_column css=&#8221;.vc_custom_1603193363223{margin-bottom: -40px !important;}&#8221;]<div class=\"vcex-module vcex-divider vcex-divider-solid wpex-max-w-100 wpex-mx-auto wpex-block wpex-h-0 wpex-border-b wpex-border-solid wpex-border-gray-200\" style=\"border-bottom-width:3px;border-color:#00a780;\"><\/div>[\/vc_column][\/vc_row][vc_row full_width=&#8221;stretch_row&#8221; css=&#8221;.vc_custom_1603195691116{background-color: #ffffff !important;}&#8221;][vc_column css=&#8221;.vc_custom_1603202209051{margin-top: 40px !important;}&#8221;]<div class=\"vcex-module vcex-heading wpex-text-2xl wpex-font-normal wpex-m-auto wpex-max-w-100 vcex-heading-plain wpex-block wpex-text-left\" style=\"font-size:25px;font-weight:700;\"><span class=\"vcex-heading-inner wpex-inline-block wpex-clr\">Communiqu\u00e9s<\/span><\/div><div class=\"vcex-module vcex-divider vcex-divider-solid wpex-my-10 vcex-divider-left wpex-float-left wpex-max-w-100 wpex-mx-auto wpex-block wpex-h-0 wpex-border-b wpex-border-solid wpex-border-gray-200\" style=\"width:10%;border-bottom-width:3px;border-color:#00a780;\"><\/div><div class=\"wpex-clear\"><\/div><div class=\"vcex-module vcex-blog-grid-wrap wpex-clr\"><div class=\"wpex-row vcex-blog-grid wpex-clr entries\"><div class=\"vcex-blog-entry vcex-grid-item entry-has-details span_1_of_4 col-1 col post-460 entry type-post has-media cat-1\"><div class=\"vcex-blog-entry-inner entry-inner wpex-first-mt-0 wpex-last-mb-0 wpex-clr vc_custom_1603192750998\"><div class=\"vcex-blog-entry-media entry-media\"><a href=\"http:\/\/www.collectifdesmosquees.fr\/index.php\/2021\/02\/01\/communique-du-ccmtf-cimg-france-foi-et-pratique-nos-observations-sur-la-charte-des-principes-de-lislam-de-france\/\" title=\"Communiqu\u00e9 du CCMTF, CIMG France, Foi et Pratique : Nos observations sur la \u00ab Charte des principes de l\u2019Islam de France \u00bb\"><img loading=\"lazy\" class=\"vcex-blog-entry-img wpex-align-middle\" src=\"http:\/\/www.collectifdesmosquees.fr\/wp-content\/uploads\/2020\/10\/closeup-shot-several-newspapers-stacked-top-each-other-scaled.jpg\" alt=\"\" width=\"2560\" height=\"1707\" \/><\/a><\/div><div class=\"vcex-blog-entry-details entry-details wpex-boxed wpex-first-mt-0 wpex-last-mb-0 wpex-clr\"><h2 class=\"vcex-blog-entry-title entry-title wpex-mb-5\"><a href=\"http:\/\/www.collectifdesmosquees.fr\/index.php\/2021\/02\/01\/communique-du-ccmtf-cimg-france-foi-et-pratique-nos-observations-sur-la-charte-des-principes-de-lislam-de-france\/\">Communiqu\u00e9 du CCMTF, CIMG France, Foi et Pratique : Nos observations sur la \u00ab Charte des principes de l\u2019Islam de France \u00bb<\/a><\/h2><div class=\"vcex-blog-entry-date entry-date wpex-text-sm wpex-text-gray-600 wpex-mb-5\">1 f\u00e9vrier 2021<\/div><div class=\"vcex-blog-entry-excerpt entry-excerpt wpex-my-15 wpex-last-mb-0 wpex-clr\"><p>Nos observations sur la \u00ab Charte des principes de l\u2019Islam de France \u00bb Paris, le&hellip;<\/p><\/div><\/div><\/div><\/div><div class=\"vcex-blog-entry vcex-grid-item entry-has-details span_1_of_4 col-2 col post-418 entry type-post has-media cat-1\"><div class=\"vcex-blog-entry-inner entry-inner wpex-first-mt-0 wpex-last-mb-0 wpex-clr vc_custom_1603192750998\"><div class=\"vcex-blog-entry-media entry-media\"><a href=\"http:\/\/www.collectifdesmosquees.fr\/index.php\/2020\/12\/08\/charte-des-valeurs-du-conseil-national-des-imams\/\" title=\"Charte des valeurs du Conseil National des Imams\"><img loading=\"lazy\" class=\"vcex-blog-entry-img wpex-align-middle\" src=\"http:\/\/www.collectifdesmosquees.fr\/wp-content\/uploads\/2020\/10\/closeup-shot-several-newspapers-stacked-top-each-other-scaled.jpg\" alt=\"\" width=\"2560\" height=\"1707\" \/><\/a><\/div><div class=\"vcex-blog-entry-details entry-details wpex-boxed wpex-first-mt-0 wpex-last-mb-0 wpex-clr\"><h2 class=\"vcex-blog-entry-title entry-title wpex-mb-5\"><a href=\"http:\/\/www.collectifdesmosquees.fr\/index.php\/2020\/12\/08\/charte-des-valeurs-du-conseil-national-des-imams\/\">Charte des valeurs du Conseil National des Imams<\/a><\/h2><div class=\"vcex-blog-entry-date entry-date wpex-text-sm wpex-text-gray-600 wpex-mb-5\">8 d\u00e9cembre 2020<\/div><div class=\"vcex-blog-entry-excerpt entry-excerpt wpex-my-15 wpex-last-mb-0 wpex-clr\"><p>Pr\u00e9ambuleEn tant que repr\u00e9sentants des communaut\u00e9s musulmanes, nous d\u00e9clarons que nous agirons conform\u00e9ment aux principes&hellip;<\/p><\/div><\/div><\/div><\/div><div class=\"vcex-blog-entry vcex-grid-item entry-has-details span_1_of_4 col-3 col post-306 entry type-post has-media cat-1\"><div class=\"vcex-blog-entry-inner entry-inner wpex-first-mt-0 wpex-last-mb-0 wpex-clr vc_custom_1603192750998\"><div class=\"vcex-blog-entry-media entry-media\"><a href=\"http:\/\/www.collectifdesmosquees.fr\/index.php\/2020\/10\/18\/communique-du-18-octobre-2020\/\" title=\"Communiqu\u00e9 du 18 octobre 2020\"><img loading=\"lazy\" class=\"vcex-blog-entry-img wpex-align-middle\" src=\"http:\/\/www.collectifdesmosquees.fr\/wp-content\/uploads\/2020\/10\/closeup-shot-several-newspapers-stacked-top-each-other-scaled.jpg\" alt=\"\" width=\"2560\" height=\"1707\" \/><\/a><\/div><div class=\"vcex-blog-entry-details entry-details wpex-boxed wpex-first-mt-0 wpex-last-mb-0 wpex-clr\"><h2 class=\"vcex-blog-entry-title entry-title wpex-mb-5\"><a href=\"http:\/\/www.collectifdesmosquees.fr\/index.php\/2020\/10\/18\/communique-du-18-octobre-2020\/\">Communiqu\u00e9 du 18 octobre 2020<\/a><\/h2><div class=\"vcex-blog-entry-date entry-date wpex-text-sm wpex-text-gray-600 wpex-mb-5\">18 octobre 2020<\/div><div class=\"vcex-blog-entry-excerpt entry-excerpt wpex-my-15 wpex-last-mb-0 wpex-clr\"><p>Le Collectif des mosqu\u00e9es de France s\u2019est r\u00e9uni le Dimanche 18 octobre 2020 \u00e0 17h00&hellip;<\/p><\/div><\/div><\/div><\/div><div class=\"vcex-blog-entry vcex-grid-item entry-has-details span_1_of_4 col-4 col post-364 entry type-post has-media cat-1\"><div class=\"vcex-blog-entry-inner entry-inner wpex-first-mt-0 wpex-last-mb-0 wpex-clr vc_custom_1603192750998\"><div class=\"vcex-blog-entry-media entry-media\"><a href=\"http:\/\/www.collectifdesmosquees.fr\/index.php\/2020\/10\/09\/lettre-ouverte-au-president-de-la-republique-francaise\/\" title=\"Lettre ouverte au pr\u00e9sident de la R\u00e9publique Fran\u00e7aise\"><img loading=\"lazy\" class=\"vcex-blog-entry-img wpex-align-middle\" src=\"http:\/\/www.collectifdesmosquees.fr\/wp-content\/uploads\/2020\/10\/closeup-shot-several-newspapers-stacked-top-each-other-scaled.jpg\" alt=\"\" width=\"2560\" height=\"1707\" \/><\/a><\/div><div class=\"vcex-blog-entry-details entry-details wpex-boxed wpex-first-mt-0 wpex-last-mb-0 wpex-clr\"><h2 class=\"vcex-blog-entry-title entry-title wpex-mb-5\"><a href=\"http:\/\/www.collectifdesmosquees.fr\/index.php\/2020\/10\/09\/lettre-ouverte-au-president-de-la-republique-francaise\/\">Lettre ouverte au pr\u00e9sident de la R\u00e9publique Fran\u00e7aise<\/a><\/h2><div class=\"vcex-blog-entry-date entry-date wpex-text-sm wpex-text-gray-600 wpex-mb-5\">9 octobre 2020<\/div><div class=\"vcex-blog-entry-excerpt entry-excerpt wpex-my-15 wpex-last-mb-0 wpex-clr\"><p>Monsieur Le Pr\u00e9sident de la R\u00e9publique, Nous, le collectif des responsables des mosqu\u00e9es et associations&hellip;<\/p><\/div><\/div><\/div><\/div><\/div><\/div>[\/vc_column][\/vc_row]\n","protected":false},"excerpt":{"rendered":"<p>[vc_row full_width=&#8221;stretch_row&#8221; css=&#8221;.vc_custom_1612527441962{margin-top: 30px !important;}&#8221;][vc_column][vc_single_image image=&#8221;83&#8243; css=&#8221;.vc_custom_1602264482718{background-position: center !important;background-repeat: no-repeat !important;background-size: cover !important;}&#8221;][\/vc_column][\/vc_row][vc_row css=&#8221;.vc_custom_1612527361103{background-color: #ffffff !important;}&#8221;][vc_column][vc_column_text responsive_text=&#8221;true&#8221; css=&#8221;.vc_custom_1612648324266{margin-right: 20px !important;margin-left: 20px !important;background-color: #ffffff !important;}&#8221; text_align=&#8221;left&#8221; font_size=&#8221;16&#8243;] Paris le 05\/02\/2021 Nous, Collectif des mosqu\u00e9es de France compos\u00e9 des mosqu\u00e9es affili\u00e9es ou&hellip;<\/p>\n","protected":false},"author":1,"featured_media":0,"parent":0,"menu_order":0,"comment_status":"closed","ping_status":"closed","template":"","meta":[],"_links":{"self":[{"href":"http:\/\/www.collectifdesmosquees.fr\/index.php\/wp-json\/wp\/v2\/pages\/342"}],"collection":[{"href":"http:\/\/www.collectifdesmosquees.fr\/index.php\/wp-json\/wp\/v2\/pages"}],"about":[{"href":"http:\/\/www.collectifdesmosquees.fr\/index.php\/wp-json\/wp\/v2\/types\/page"}],"author":[{"embeddable":true,"href":"http:\/\/www.collectifdesmosquees.fr\/index.php\/wp-json\/wp\/v2\/users\/1"}],"replies":[{"embeddable":true,"href":"http:\/\/www.collectifdesmosquees.fr\/index.php\/wp-json\/wp\/v2\/comments?post=342"}],"version-history":[{"count":83,"href":"http:\/\/www.collectifdesmosquees.fr\/index.php\/wp-json\/wp\/v2\/pages\/342\/revisions"}],"predecessor-version":[{"id":672,"href":"http:\/\/www.collectifdesmosquees.fr\/index.php\/wp-json\/wp\/v2\/pages\/342\/revisions\/672"}],"wp:attachment":[{"href":"http:\/\/www.collectifdesmosquees.fr\/index.php\/wp-json\/wp\/v2\/media?parent=342"}],"curies":[{"name":"wp","href":"https:\/\/api.w.org\/{rel}","templated":true}]}}